{"id":144708,"date":"2025-03-10T21:00:14","date_gmt":"2025-03-10T21:00:14","guid":{"rendered":"https:\/\/www.24-7prayer.com\/?post_type=prayer_guide&#038;p=144708"},"modified":"2025-03-10T21:08:09","modified_gmt":"2025-03-10T21:08:09","slug":"sala-de-oracion-admin-faq","status":"publish","type":"prayer_guide","link":"https:\/\/www.24-7prayer.com\/es\/prayer_guide\/sala-de-oracion-admin-faq\/","title":{"rendered":"Sala de Oraci\u00f3n Admin FAQ"},"content":{"rendered":"\n<p>Bienvenido a las preguntas frecuentes de la herramienta de registro de oraci\u00f3n Admin 24-7. Esta p\u00e1gina est\u00e1 aqu\u00ed para ayudarle a editar y actualizar el calendario de su sala de oraci\u00f3n.<\/p>\n\n\n\n<p><em>Haz click en el enlace para ir a la pregunta que te interese:<\/em><\/p>\n\n\n\n<ul class=\"wp-block-list\">\n<li><a href=\"#q1\">\u00bfC\u00f3mo puedo ver mis salas de oraci\u00f3n registradas?<\/a><\/li>\n\n\n\n<li><a href=\"#q2\">\u00bfPuedo modificar los datos de mi grupo de oraci\u00f3n?<\/a><\/li>\n\n\n\n<li><a href=\"#q3\">\u00bfPuedo a\u00f1adir un administrador?<\/a><\/li>\n\n\n\n<li><a href=\"#q4\">\u00bfC\u00f3mo puedo modificar la fecha y hora de mi sala de oraci\u00f3n?<\/a><\/li>\n\n\n\n<li><a href=\"#q5\">\u00bfC\u00f3mo puedo cambiar la zona horaria de mi Sala de Oraci\u00f3n?<\/a><\/li>\n\n\n\n<li><a href=\"#q6\">\u00bfC\u00f3mo se crea un tema?<\/a><\/li>\n\n\n\n<li><a href=\"#q7\">\u00bfC\u00f3mo se fija una franja horaria tem\u00e1tica?<\/a><\/li>\n\n\n\n<li><a href=\"#q8\">\u00bfC\u00f3mo reservo una plaza para otra persona?<\/a><\/li>\n\n\n\n<li><a href=\"#q9\">\u00bfC\u00f3mo hago que las franjas horarias no est\u00e9n disponibles?<\/a><\/li>\n\n\n\n<li><a href=\"#q10\">\u00bfC\u00f3mo fijo las franjas horarias para que se reserven en exclusiva?<\/a><\/li>\n\n\n\n<li><a href=\"http:\/\/q11\">\u00bfPuedo reservar varias franjas horarias?<\/a><\/li>\n\n\n\n<li><a href=\"#q11\">\u00bfC\u00f3mo se suprime una ranura?<\/a><\/li>\n\n\n\n<li><a href=\"#q13\">\u00bfPuedo cambiar la reserva a franjas de 0,5 o 2 horas?<\/a><\/li>\n\n\n\n<li><a href=\"#14\">\u00bfPuedo mostrar m\u00e1s de una semana en una p\u00e1gina?<\/a><\/li>\n\n\n\n<li><a href=\"#q15\">\u00bfPuedo a\u00f1adir un mensaje en el correo electr\u00f3nico de confirmaci\u00f3n que reciben los usuarios cuando se registran?<\/a><\/li>\n\n\n\n<li><a href=\"#q16\">\u00bfPuedo enviar un correo electr\u00f3nico recordatorio a quienes se han inscrito para orar?<\/a><\/li>\n\n\n\n<li><a href=\"#q17\">\u00bfPuedo cambiar la configuraci\u00f3n de mis notificaciones?<\/a><\/li>\n\n\n\n<li><a href=\"#q18\">\u00bfPuedo acceder a los datos de todas las personas que han reservado para rezar?<\/a><\/li>\n<\/ul>\n\n\n\n<hr class=\"wp-block-separator has-alpha-channel-opacity\"\/>\n\n\n\n<h5 class=\"wp-block-heading\" id=\"q1\">\u00bfC\u00d3MO PUEDO VER MIS SALAS DE ORACI\u00d3N REGISTRADAS?<\/h5>\n\n\n\n<p>Inicia sesi\u00f3n en \u00abMi 24-7\u00bb. Selecciona \u00abMis salas de oraci\u00f3n\u00bb. Registra una nueva sala de oraci\u00f3n o edita las salas existentes que tengas en la lista.<\/p>\n\n\n\n<hr class=\"wp-block-separator has-alpha-channel-opacity\"\/>\n\n\n\n<h5 class=\"wp-block-heading\" id=\"q2\">\u00bfPUEDO MODIFICAR LOS DATOS DE MIS GRUPOS DE ORACI\u00d3N?<\/h5>\n\n\n\n<p>S\u00ed. Inicia sesi\u00f3n en \u00abMi 24-7\u00bb. Selecciona \u00abMis Grupos de Oraci\u00f3n\u00bb. Haz clic en \u00abAdministrar Salas de Oraci\u00f3n\u00bb, y luego selecciona \u00abEditar Detalles del Grupo de Oraci\u00f3n\u00bb. Realiza los cambios que necesites en tu:<\/p>\n\n\n\n<ul class=\"wp-block-list\">\n<li>Nombre del grupo<\/li>\n\n\n\n<li>Direcci\u00f3n de correo electr\u00f3nico<\/li>\n\n\n\n<li>Sitio Web<\/li>\n\n\n\n<li>Nombre de contacto<\/li>\n\n\n\n<li>Denominaci\u00f3n<\/li>\n\n\n\n<li>Pa\u00eds<\/li>\n<\/ul>\n\n\n\n<p>Navega hacia abajo y haz clic en \u00abGuardar cambios\u00bb.<\/p>\n\n\n\n<hr class=\"wp-block-separator has-alpha-channel-opacity\"\/>\n\n\n\n<h5 class=\"wp-block-heading\" id=\"q3\">\u00bfPUEDO A\u00d1ADIR UN ADMINISTRADOR?<\/h5>\n\n\n\n<p>S\u00ed. Inicia sesi\u00f3n en \u00abMi 24-7\u00bb. Selecciona \u00abMis salas de oraci\u00f3n\u00bb. Haz clic en \u00abAdministrar Salas de Oraci\u00f3n\u00bb, y luego selecciona \u00abAdministrar Admins\u00bb. Introduce la direcci\u00f3n de correo electr\u00f3nico de la persona que deseas a\u00f1adir e \u00abInvitar a nuevo administrador\u00bb.<\/p>\n\n\n\n<hr class=\"wp-block-separator has-alpha-channel-opacity\"\/>\n\n\n\n<h5 class=\"wp-block-heading\" id=\"q4\">\u00bfC\u00d3MO EDITO LA FECHA\/HORA DE MI SALA DE ORACI\u00d3N?<\/h5>\n\n\n\n<p>Inicia sesi\u00f3n en \u00abMi 24-7\u00bb. Selecciona \u00abMis salas de oraci\u00f3n\u00bb. Haz clic en \u00abGestionar salas de oraci\u00f3n\u00bb y, a continuaci\u00f3n, selecciona \u00abEditar detalles de la sala de oraci\u00f3n\u00bb. Baja hasta la fecha y hora de inicio\/fin y realiza los cambios que necesites. Marca la casilla de confirmaci\u00f3n una vez que hayas editado las horas para confirmar que entiendes \u00abque al cambiar las horas de inicio y fin de mi sala de oraci\u00f3n, algunas franjas horarias de oraci\u00f3n pueden ser eliminadas. Acepto ponerme en contacto con los afectados\u00bb. A continuaci\u00f3n, despl\u00e1cese hacia abajo y \u00abActualizar sala de oraci\u00f3n\u00bb.<\/p>\n\n\n\n<hr class=\"wp-block-separator has-alpha-channel-opacity\"\/>\n\n\n\n<h5 class=\"wp-block-heading\" id=\"q5\">\u00bfPUEDO CAMBIAR LA ZONA HORARIA DE MI SALA DE ORACI\u00d3N?<\/h5>\n\n\n\n<p>S\u00ed. Inicia sesi\u00f3n en \u00abMi 24-7\u00bb. Selecciona \u00abMis salas de oraci\u00f3n\u00bb. Haz clic en \u00abGestionar salas de oraci\u00f3n\u00bb y, a continuaci\u00f3n, selecciona \u00abEditar detalles de la sala de oraci\u00f3n\u00bb. Selecciona el men\u00fa desplegable bajo <strong>\u00ab\u00bfEn qu\u00e9 zona horaria se encuentra tu sala de oraci\u00f3n?\u00bb<\/strong> y selecciona la zona horaria que necesites. Contin\u00faa hacia abajo y haz clic en \u00abActualizar sala de oraci\u00f3n\u00bb.<\/p>\n\n\n\n<hr class=\"wp-block-separator has-alpha-channel-opacity\"\/>\n\n\n\n<h5 class=\"wp-block-heading\" id=\"q6\">\u00bfC\u00d3MO PUEDO CREAR UN TEMA?<\/h5>\n\n\n\n<p>Cuando hayas iniciado sesi\u00f3n como administrador de la sala de oraci\u00f3n, selecciona el icono de engranaje que aparece en la parte superior derecha de la p\u00e1gina, entre \u00abmis reservas\u00bb y \u00abadmin\u00bb. Selecciona \u00abTemas\u00bb. Haz clic en el color que te gustar\u00eda que tuviera tu tema y escribe el nombre del tema, por ejemplo, Escuelas Locales u Oraci\u00f3n Corporativa. Puede configurar hasta 6 temas. Haz clic en \u00abListo\u00bb.<\/p>\n\n\n\n<hr class=\"wp-block-separator has-alpha-channel-opacity\"\/>\n\n\n\n<h5 class=\"wp-block-heading\" id=\"q7\">\u00bfC\u00d3MO FIJO UN ESPACIO TEM\u00c1TICO?<\/h5>\n\n\n\n<p><em>Aseg\u00farate de haber iniciado sesi\u00f3n como administrador de la sala de oraci\u00f3n. (Si no has configurado tus temas, aseg\u00farate de hacerlo antes).<\/em>\u00a0<\/p>\n\n\n\n<p>Selecciona la franja horaria en la que deseas que se ejecute el tema. Haz clic en el icono de engranaje de la parte superior derecha de la ventana emergente. En \u00abtema\u00bb, elige el nombre del tema que desees. Elige la duraci\u00f3n del tema y si quieres que se repita \u00abdiariamente\u00bb, \u00absemanalmente\u00bb o \u00abnunca\u00bb. Haz clic en \u00abListo\u00bb.<\/p>\n\n\n\n<hr class=\"wp-block-separator has-alpha-channel-opacity\"\/>\n\n\n\n<h5 class=\"wp-block-heading\" id=\"q8\">\u00bfC\u00d3MO PUEDO RESERVAR UNA PLAZA PARA OTRA PERSONA?<\/h5>\n\n\n\n<p>Haz clic en la hora de la franja horaria en la que desea orar la persona para la que est\u00e1s reservando. Escoge \u00abReservar para otra persona\u00bb. A\u00f1ade su nombre y correo electr\u00f3nico. Si la persona desea permanecer an\u00f3nima en la hoja, marca \u00abReservar an\u00f3nimamente\u00bb. Haz clic en \u00abReservar\u00bb.<\/p>\n\n\n\n<hr class=\"wp-block-separator has-alpha-channel-opacity\"\/>\n\n\n\n<h5 class=\"wp-block-heading\" id=\"q9\">\u00bfC\u00d3MO PUEDO HACER QUE LAS RANURAS DE ORACI\u00d3N NO EST\u00c9N DISPONIBLES?<\/h5>\n\n\n\n<p>Selecciona la hora de la franja horaria que deseas que no est\u00e9 disponible. Haz clic en el icono de engranaje de la parte superior derecha de la ventana emergente. Marca \u00abSala de oraci\u00f3n no disponible\u00bb. Selecciona durante cu\u00e1nto tiempo quieres que el espacio no est\u00e9 disponible, haciendo clic en la flecha de la derecha en \u00abDuraci\u00f3n\u00bb. Marca \u00abListo\u00bb.<\/p>\n\n\n\n<hr class=\"wp-block-separator has-alpha-channel-opacity\"\/>\n\n\n\n<h5 class=\"wp-block-heading\" id=\"q10\">\u00bfC\u00d3MO HAGO PARA QUE LAS FRANJAS HORARIAS SE RESERVEN EN EXCLUSIVA?<\/h5>\n\n\n\n<p>Haz clic en la hora de la franja horaria que deseas reservar en exclusiva. Haz clic en el icono de engranaje de la parte superior derecha de la ventana emergente. Selecciona \u00abPermitir reserva exclusiva\u00bb. Haz clic en \u00abListo\u00bb.<\/p>\n\n\n\n<hr class=\"wp-block-separator has-alpha-channel-opacity\"\/>\n\n\n\n<h5 class=\"wp-block-heading\" id=\"q11\">\u00bfPUEDO RESERVAR VARIAS FRANJAS HORARIAS?<\/h5>\n\n\n\n<p>S\u00ed. Para reservar una franja horaria repetida; selecciona el d\u00eda y la hora en que deseas tu franja horaria. Selecciona \u00abOpciones de repetici\u00f3n\u00bb. Elige si quieres esta franja horaria \u00abdiaria\u00bb o \u00absemanal\u00bb, aparecer\u00e1 una marca roja junto a la opci\u00f3n seleccionada. Pulsa \u00abAceptar\u00bb. Pulsa \u00abReservar\u00bb para guardar.<\/p>\n\n\n\n<hr class=\"wp-block-separator has-alpha-channel-opacity\"\/>\n\n\n\n<h5 class=\"wp-block-heading\" id=\"q12\">\u00bfC\u00d3MO PUEDO ELIMINAR UNA RANURA?<\/h5>\n\n\n\n<p>Haz clic en el nombre de la persona que ya no desea rezar. Haz clic en \u00abEditar\u00bb, junto a su nombre en la ventana emergente. Seleccione el bot\u00f3n rojo \u00abEliminar\u00bb. Haz clic en \u00abFinalizar\u00bb.<\/p>\n\n\n\n<hr class=\"wp-block-separator has-alpha-channel-opacity\"\/>\n\n\n\n<h5 class=\"wp-block-heading\" id=\"q13\">\u00bfPUEDO CAMBIAR LAS RESERVAS A FRANJAS HORARIAS DE 0,5 O 2 HORAS?<\/h5>\n\n\n\n<p>S\u00ed. Para ajustar la duraci\u00f3n de las franjas horarias de oraci\u00f3n, haz clic en el icono de engranaje situado en la parte superior derecha de la pantalla. El segundo men\u00fa desplegable \u00abPermitir que las franjas horarias se vean y reserven en m\u00faltiplos de\u00bb es un men\u00fa desplegable. Selecciona la duraci\u00f3n de la franja horaria que deseas que la gente reserve; puede ser 30 minutos, 1 hora, 2 horas o 6 horas. Haz clic en \u00abListo\u00bb.<\/p>\n\n\n\n<hr class=\"wp-block-separator has-alpha-channel-opacity\"\/>\n\n\n\n<h5 class=\"wp-block-heading\" id=\"q14\">\u00bfPUEDO MOSTRAR M\u00c1S DE UNA SEMANA EN UNA P\u00c1GINA?<\/h5>\n\n\n\n<p>El calendario de oraci\u00f3n s\u00f3lo puede mostrar 7 d\u00edas a la vez, utiliza las flechas blancas de la parte superior del calendario para desplazarte a la semana siguiente. Si vas a organizar tu sala durante m\u00e1s de una semana, anima a la gente a que se inscriba utilizando un espacio que se repita cada semana.<\/p>\n\n\n\n<hr class=\"wp-block-separator has-alpha-channel-opacity\"\/>\n\n\n\n<h5 class=\"wp-block-heading\" id=\"q15\">\u00bfPUEDO A\u00d1ADIR UN MENSAJE EN EL CORREO ELECTR\u00d3NICO DE CONFIRMACI\u00d3N QUE RECIBEN LOS USUARIOS CUANDO RESERVAN UNA PLAZA?<\/h5>\n\n\n\n<p>S\u00ed. Para a\u00f1adir un mensaje en el correo electr\u00f3nico de confirmaci\u00f3n, ve al icono de engranaje situado en la parte superior derecha de la pantalla. Elige \u00abmensajes\u00bb en el men\u00fa de pesta\u00f1as. Introduce en el recuadro gris superior el mensaje que deseas enviar a los rezadores. Haz clic en \u00abListo\u00bb.<\/p>\n\n\n\n<hr class=\"wp-block-separator has-alpha-channel-opacity\"\/>\n\n\n\n<h5 class=\"wp-block-heading\" id=\"q16\">\u00bfPUEDO ENVIAR RECORDATORIOS POR CORREO ELECTR\u00d3NICO A LAS PERSONAS QUE HAN RESERVADO PARA ORAR?<\/h5>\n\n\n\n<p>S\u00ed. Para enviar correos electr\u00f3nicos recordatorios, ve al icono del engranaje en la parte superior derecha de la pantalla. Selecciona \u00abmensajes\u00bb en el men\u00fa de pesta\u00f1as. Elige cu\u00e1ntos correos electr\u00f3nicos recordatorios quieres enviar y cu\u00e1ndo quieres que se env\u00eden &#8211; los que hayas seleccionado tendr\u00e1n una marca roja al lado. Puedes enviar un recordatorio 1 hora, 12 horas, 24 horas y una semana antes de la franja horaria de una persona.<\/p>\n\n\n\n<p>Introduce en el recuadro gris inferior el mensaje que deseas enviar para recordar a los que rezan. Haz clic en \u00abListo\u00bb.<\/p>\n\n\n\n<hr class=\"wp-block-separator has-alpha-channel-opacity\"\/>\n\n\n\n<h5 class=\"wp-block-heading\" id=\"q17\">\u00bfPUEDO CAMBIAR LA CONFIGURACI\u00d3N DE MIS NOTIFICACIONES?<\/h5>\n\n\n\n<p>S\u00ed. Haz clic en el icono \u00abAdmin\u00bb en la parte superior izquierda de la pantalla de registro. Selecciona \u00abMis notificaciones\u00bb. Haz clic en las marcas rojas para anular la selecci\u00f3n de las notificaciones que no deseas recibir. Recibir\u00e1s una notificaci\u00f3n por cada una de las declaraciones que hayas seleccionado con una marca roja. Pulsa \u00abGuardar\u00bb.<\/p>\n\n\n\n<hr class=\"wp-block-separator has-alpha-channel-opacity\"\/>\n\n\n\n<h5 class=\"wp-block-heading\" id=\"q18\">\u00bfPUEDO ACCEDER A LOS DATOS DE TODAS LAS PERSONAS QUE HAN RESERVADO PARA ORAR?<\/h5>\n\n\n\n<p>S\u00ed. Para acceder a los detalles, vaya al icono Cog de la parte superior derecha de la pantalla. Selecciona \u00abExportar\u00bb en el men\u00fa de pesta\u00f1as. Haz clic en \u00abDescargar\u00bb para acceder a un archivo CSV con los detalles. Ten en cuenta que est\u00e1s descargando datos personales sensibles, que deber\u00e1s borrar una vez hayas terminado de gestionar tu sala de oraci\u00f3n.<\/p>\n","protected":false},"featured_media":4380,"template":"","prayer_guide_cat":[],"lectio-team":[],"lectio-series":[],"lectio-week":[],"class_list":["post-144708","prayer_guide","type-prayer_guide","status-publish","has-post-thumbnail","hentry"],"acf":[],"yoast_head":"<!-- This site is optimized with the Yoast SEO plugin v27.4 - https:\/\/yoast.com\/product\/yoast-seo-wordpress\/ -->\n<title>Sala de Oraci\u00f3n Admin FAQ - 24-7 Prayer International<\/title>\n<meta name=\"robots\" content=\"index, follow, max-snippet:-1, max-image-preview:large, max-video-preview:-1\" \/>\n<link rel=\"canonical\" href=\"https:\/\/www.24-7prayer.com\/es\/prayer_guide\/sala-de-oracion-admin-faq\/\" \/>\n<meta property=\"og:locale\" content=\"es_ES\" \/>\n<meta property=\"og:type\" content=\"article\" \/>\n<meta property=\"og:title\" content=\"Sala de Oraci\u00f3n Admin FAQ - 24-7 Prayer International\" \/>\n<meta property=\"og:description\" content=\"Bienvenido a las preguntas frecuentes de la herramienta de registro de oraci\u00f3n Admin 24-7. Esta p\u00e1gina est\u00e1 aqu\u00ed para ayudarle a editar y actualizar el calendario de su sala de oraci\u00f3n. Haz click en el enlace para ir a la pregunta que te interese: \u00bfC\u00d3MO PUEDO VER MIS SALAS DE ORACI\u00d3N REGISTRADAS? Inicia sesi\u00f3n en [&hellip;]\" \/>\n<meta property=\"og:url\" content=\"https:\/\/www.24-7prayer.com\/es\/prayer_guide\/sala-de-oracion-admin-faq\/\" \/>\n<meta property=\"og:site_name\" content=\"24-7 Prayer International\" \/>\n<meta property=\"article:modified_time\" content=\"2025-03-10T21:08:09+00:00\" \/>\n<meta property=\"og:image\" content=\"https:\/\/www.24-7prayer.com\/wp-content\/uploads\/2021\/11\/prayer-room-faqs-how_to_pray_post.jpg\" \/>\n\t<meta property=\"og:image:width\" content=\"2000\" \/>\n\t<meta property=\"og:image:height\" content=\"2000\" \/>\n\t<meta property=\"og:image:type\" content=\"image\/jpeg\" \/>\n<meta name=\"twitter:card\" content=\"summary_large_image\" \/>\n<script type=\"application\/ld+json\" class=\"yoast-schema-graph\">{\"@context\":\"https:\\\/\\\/schema.org\",\"@graph\":[{\"@type\":\"WebPage\",\"@id\":\"https:\\\/\\\/www.24-7prayer.com\\\/es\\\/prayer_guide\\\/sala-de-oracion-admin-faq\\\/\",\"url\":\"https:\\\/\\\/www.24-7prayer.com\\\/es\\\/prayer_guide\\\/sala-de-oracion-admin-faq\\\/\",\"name\":\"Sala de Oraci\u00f3n Admin FAQ - 24-7 Prayer International\",\"isPartOf\":{\"@id\":\"https:\\\/\\\/www.24-7prayer.com\\\/es\\\/#website\"},\"primaryImageOfPage\":{\"@id\":\"https:\\\/\\\/www.24-7prayer.com\\\/es\\\/prayer_guide\\\/sala-de-oracion-admin-faq\\\/#primaryimage\"},\"image\":{\"@id\":\"https:\\\/\\\/www.24-7prayer.com\\\/es\\\/prayer_guide\\\/sala-de-oracion-admin-faq\\\/#primaryimage\"},\"thumbnailUrl\":\"https:\\\/\\\/www.24-7prayer.com\\\/wp-content\\\/uploads\\\/2021\\\/11\\\/prayer-room-faqs-how_to_pray_post.jpg\",\"datePublished\":\"2025-03-10T21:00:14+00:00\",\"dateModified\":\"2025-03-10T21:08:09+00:00\",\"breadcrumb\":{\"@id\":\"https:\\\/\\\/www.24-7prayer.com\\\/es\\\/prayer_guide\\\/sala-de-oracion-admin-faq\\\/#breadcrumb\"},\"inLanguage\":\"es\",\"potentialAction\":[{\"@type\":\"ReadAction\",\"target\":[\"https:\\\/\\\/www.24-7prayer.com\\\/es\\\/prayer_guide\\\/sala-de-oracion-admin-faq\\\/\"]}]},{\"@type\":\"ImageObject\",\"inLanguage\":\"es\",\"@id\":\"https:\\\/\\\/www.24-7prayer.com\\\/es\\\/prayer_guide\\\/sala-de-oracion-admin-faq\\\/#primaryimage\",\"url\":\"https:\\\/\\\/www.24-7prayer.com\\\/wp-content\\\/uploads\\\/2021\\\/11\\\/prayer-room-faqs-how_to_pray_post.jpg\",\"contentUrl\":\"https:\\\/\\\/www.24-7prayer.com\\\/wp-content\\\/uploads\\\/2021\\\/11\\\/prayer-room-faqs-how_to_pray_post.jpg\",\"width\":2000,\"height\":2000},{\"@type\":\"BreadcrumbList\",\"@id\":\"https:\\\/\\\/www.24-7prayer.com\\\/es\\\/prayer_guide\\\/sala-de-oracion-admin-faq\\\/#breadcrumb\",\"itemListElement\":[{\"@type\":\"ListItem\",\"position\":1,\"name\":\"Home\",\"item\":\"https:\\\/\\\/www.24-7prayer.com\\\/es\\\/\"},{\"@type\":\"ListItem\",\"position\":2,\"name\":\"Sala de Oraci\u00f3n Admin FAQ\"}]},{\"@type\":\"WebSite\",\"@id\":\"https:\\\/\\\/www.24-7prayer.com\\\/es\\\/#website\",\"url\":\"https:\\\/\\\/www.24-7prayer.com\\\/es\\\/\",\"name\":\"24-7 Prayer International\",\"description\":\"Prayer Mission Justice\",\"publisher\":{\"@id\":\"https:\\\/\\\/www.24-7prayer.com\\\/es\\\/#organization\"},\"potentialAction\":[{\"@type\":\"SearchAction\",\"target\":{\"@type\":\"EntryPoint\",\"urlTemplate\":\"https:\\\/\\\/www.24-7prayer.com\\\/es\\\/?s={search_term_string}\"},\"query-input\":{\"@type\":\"PropertyValueSpecification\",\"valueRequired\":true,\"valueName\":\"search_term_string\"}}],\"inLanguage\":\"es\"},{\"@type\":\"Organization\",\"@id\":\"https:\\\/\\\/www.24-7prayer.com\\\/es\\\/#organization\",\"name\":\"24-7 Prayer\",\"url\":\"https:\\\/\\\/www.24-7prayer.com\\\/es\\\/\",\"logo\":{\"@type\":\"ImageObject\",\"inLanguage\":\"es\",\"@id\":\"https:\\\/\\\/www.24-7prayer.com\\\/es\\\/#\\\/schema\\\/logo\\\/image\\\/\",\"url\":\"https:\\\/\\\/www.24-7prayer.com\\\/wp-content\\\/uploads\\\/2022\\\/06\\\/logo.png\",\"contentUrl\":\"https:\\\/\\\/www.24-7prayer.com\\\/wp-content\\\/uploads\\\/2022\\\/06\\\/logo.png\",\"width\":302,\"height\":49,\"caption\":\"24-7 Prayer\"},\"image\":{\"@id\":\"https:\\\/\\\/www.24-7prayer.com\\\/es\\\/#\\\/schema\\\/logo\\\/image\\\/\"}}]}<\/script>\n<!-- \/ Yoast SEO plugin. -->","yoast_head_json":{"title":"Sala de Oraci\u00f3n Admin FAQ - 24-7 Prayer International","robots":{"index":"index","follow":"follow","max-snippet":"max-snippet:-1","max-image-preview":"max-image-preview:large","max-video-preview":"max-video-preview:-1"},"canonical":"https:\/\/www.24-7prayer.com\/es\/prayer_guide\/sala-de-oracion-admin-faq\/","og_locale":"es_ES","og_type":"article","og_title":"Sala de Oraci\u00f3n Admin FAQ - 24-7 Prayer International","og_description":"Bienvenido a las preguntas frecuentes de la herramienta de registro de oraci\u00f3n Admin 24-7. Esta p\u00e1gina est\u00e1 aqu\u00ed para ayudarle a editar y actualizar el calendario de su sala de oraci\u00f3n. Haz click en el enlace para ir a la pregunta que te interese: \u00bfC\u00d3MO PUEDO VER MIS SALAS DE ORACI\u00d3N REGISTRADAS? Inicia sesi\u00f3n en [&hellip;]","og_url":"https:\/\/www.24-7prayer.com\/es\/prayer_guide\/sala-de-oracion-admin-faq\/","og_site_name":"24-7 Prayer International","article_modified_time":"2025-03-10T21:08:09+00:00","og_image":[{"width":2000,"height":2000,"url":"https:\/\/www.24-7prayer.com\/wp-content\/uploads\/2021\/11\/prayer-room-faqs-how_to_pray_post.jpg","type":"image\/jpeg"}],"twitter_card":"summary_large_image","schema":{"@context":"https:\/\/schema.org","@graph":[{"@type":"WebPage","@id":"https:\/\/www.24-7prayer.com\/es\/prayer_guide\/sala-de-oracion-admin-faq\/","url":"https:\/\/www.24-7prayer.com\/es\/prayer_guide\/sala-de-oracion-admin-faq\/","name":"Sala de Oraci\u00f3n Admin FAQ - 24-7 Prayer International","isPartOf":{"@id":"https:\/\/www.24-7prayer.com\/es\/#website"},"primaryImageOfPage":{"@id":"https:\/\/www.24-7prayer.com\/es\/prayer_guide\/sala-de-oracion-admin-faq\/#primaryimage"},"image":{"@id":"https:\/\/www.24-7prayer.com\/es\/prayer_guide\/sala-de-oracion-admin-faq\/#primaryimage"},"thumbnailUrl":"https:\/\/www.24-7prayer.com\/wp-content\/uploads\/2021\/11\/prayer-room-faqs-how_to_pray_post.jpg","datePublished":"2025-03-10T21:00:14+00:00","dateModified":"2025-03-10T21:08:09+00:00","breadcrumb":{"@id":"https:\/\/www.24-7prayer.com\/es\/prayer_guide\/sala-de-oracion-admin-faq\/#breadcrumb"},"inLanguage":"es","potentialAction":[{"@type":"ReadAction","target":["https:\/\/www.24-7prayer.com\/es\/prayer_guide\/sala-de-oracion-admin-faq\/"]}]},{"@type":"ImageObject","inLanguage":"es","@id":"https:\/\/www.24-7prayer.com\/es\/prayer_guide\/sala-de-oracion-admin-faq\/#primaryimage","url":"https:\/\/www.24-7prayer.com\/wp-content\/uploads\/2021\/11\/prayer-room-faqs-how_to_pray_post.jpg","contentUrl":"https:\/\/www.24-7prayer.com\/wp-content\/uploads\/2021\/11\/prayer-room-faqs-how_to_pray_post.jpg","width":2000,"height":2000},{"@type":"BreadcrumbList","@id":"https:\/\/www.24-7prayer.com\/es\/prayer_guide\/sala-de-oracion-admin-faq\/#breadcrumb","itemListElement":[{"@type":"ListItem","position":1,"name":"Home","item":"https:\/\/www.24-7prayer.com\/es\/"},{"@type":"ListItem","position":2,"name":"Sala de Oraci\u00f3n Admin FAQ"}]},{"@type":"WebSite","@id":"https:\/\/www.24-7prayer.com\/es\/#website","url":"https:\/\/www.24-7prayer.com\/es\/","name":"24-7 Prayer International","description":"Prayer Mission Justice","publisher":{"@id":"https:\/\/www.24-7prayer.com\/es\/#organization"},"potentialAction":[{"@type":"SearchAction","target":{"@type":"EntryPoint","urlTemplate":"https:\/\/www.24-7prayer.com\/es\/?s={search_term_string}"},"query-input":{"@type":"PropertyValueSpecification","valueRequired":true,"valueName":"search_term_string"}}],"inLanguage":"es"},{"@type":"Organization","@id":"https:\/\/www.24-7prayer.com\/es\/#organization","name":"24-7 Prayer","url":"https:\/\/www.24-7prayer.com\/es\/","logo":{"@type":"ImageObject","inLanguage":"es","@id":"https:\/\/www.24-7prayer.com\/es\/#\/schema\/logo\/image\/","url":"https:\/\/www.24-7prayer.com\/wp-content\/uploads\/2022\/06\/logo.png","contentUrl":"https:\/\/www.24-7prayer.com\/wp-content\/uploads\/2022\/06\/logo.png","width":302,"height":49,"caption":"24-7 Prayer"},"image":{"@id":"https:\/\/www.24-7prayer.com\/es\/#\/schema\/logo\/image\/"}}]}},"_links":{"self":[{"href":"https:\/\/www.24-7prayer.com\/es\/wp-json\/wp\/v2\/prayer_guide\/144708","targetHints":{"allow":["GET"]}}],"collection":[{"href":"https:\/\/www.24-7prayer.com\/es\/wp-json\/wp\/v2\/prayer_guide"}],"about":[{"href":"https:\/\/www.24-7prayer.com\/es\/wp-json\/wp\/v2\/types\/prayer_guide"}],"wp:featuredmedia":[{"embeddable":true,"href":"https:\/\/www.24-7prayer.com\/es\/wp-json\/wp\/v2\/media\/4380"}],"wp:attachment":[{"href":"https:\/\/www.24-7prayer.com\/es\/wp-json\/wp\/v2\/media?parent=144708"}],"wp:term":[{"taxonomy":"prayer_guide_cat","embeddable":true,"href":"https:\/\/www.24-7prayer.com\/es\/wp-json\/wp\/v2\/prayer_guide_cat?post=144708"},{"taxonomy":"lectio-team","embeddable":true,"href":"https:\/\/www.24-7prayer.com\/es\/wp-json\/wp\/v2\/lectio-team?post=144708"},{"taxonomy":"lectio-series","embeddable":true,"href":"https:\/\/www.24-7prayer.com\/es\/wp-json\/wp\/v2\/lectio-series?post=144708"},{"taxonomy":"lectio-week","embeddable":true,"href":"https:\/\/www.24-7prayer.com\/es\/wp-json\/wp\/v2\/lectio-week?post=144708"}],"curies":[{"name":"wp","href":"https:\/\/api.w.org\/{rel}","templated":true}]}}