{"id":156141,"date":"2025-10-08T13:17:49","date_gmt":"2025-10-08T12:17:49","guid":{"rendered":"https:\/\/www.24-7prayer.com\/?post_type=mec-events&#038;p=156141"},"modified":"2025-10-20T21:06:10","modified_gmt":"2025-10-20T20:06:10","slug":"g25","status":"publish","type":"mec-events","link":"https:\/\/www.24-7prayer.com\/es\/event\/g25\/","title":{"rendered":"The Gathering &#8217;25"},"content":{"rendered":"\n<p><strong>\u00a1Te invitamos a The Gathering 2025! Este a\u00f1o tenemos muchas ganas ir a Stuttgart, Alemania. El evento tendr\u00e1 lugar en la ciudad de Esslingen am Neckar, en la regi\u00f3n de Stuttgart.<\/strong><\/p>\n\n\n\n<figure class=\"wp-block-embed is-type-video is-provider-youtube wp-block-embed-youtube wp-embed-aspect-16-9 wp-has-aspect-ratio\"><div class=\"wp-block-embed__wrapper\">\n<iframe loading=\"lazy\" title=\"The Gathering \u201925\" width=\"500\" height=\"281\" src=\"https:\/\/www.youtube.com\/embed\/T2ytKL2BXsA?feature=oembed\" frameborder=\"0\" allow=\"accelerometer; autoplay; clipboard-write; encrypted-media; gyroscope; picture-in-picture; web-share\" referrerpolicy=\"strict-origin-when-cross-origin\" allowfullscreen><\/iframe>\n<\/div><\/figure>\n\n\n\n<p>Nuestros Gatherings son una oportunidad para orar, alabar y aprender juntos. Estos momentos son una oportunidad para celebrar el a\u00f1o, renovarnos y recibir la visi\u00f3n de Dios para el a\u00f1o que viene. Nos encanta pasar tiempo con viejos amigos, hacer nuevos amigos, comer juntos y mucho m\u00e1s.<br><br>Nos encantar\u00eda que te unieras a nosotros, tanto si llevas 25 a\u00f1os formando parte de este movimiento mundial, como si acabas de descubrir la idea de Oraci\u00f3n 24-7 por primera vez. Ven y busca el poder de Jes\u00fas junto a nosotros mientras damos gracias por lo vivido y miramos hacia el futuro.<\/p>\n\n\n\n<h4 class=\"wp-block-heading\">\u00bfPor qu\u00e9 Stuttgart?<\/h4>\n\n\n\n<p>Alemania ha formado parte del movimiento Oraci\u00f3n 24-7 desde sus inicios, con la comunidad morava de Herrnhut inspirando la primera sala de Oraci\u00f3n 24-7. Este a\u00f1o el equipo de Oraci\u00f3n 24-7 Alemania nos invita a unirnos a ellos en la regi\u00f3n de Stuttgart, donde algunos de ellos tienen su sede.<\/p>\n\n\n\n<p>Stuttgart, el coraz\u00f3n de Suabia, ofrece una emocionante mezcla de cultura, pintorescos vi\u00f1edos y legendaria ingenier\u00eda, ya que es la sede de Porsche y Mercedes-Benz. La cercana Esslingen encanta a los visitantes con sus calles medievales y sus casas con entramado de madera. Conocida por su singular mercado navide\u00f1o y sus vi\u00f1edos en las laderas, Esslingen combina historia, tradici\u00f3n y unas vistas impresionantes, lo que crea un ambiente cautivador.<br><br>\u00a1Estamos muy emocionados por poder disfrutar de la belleza y la hospitalidad de esta parte de Alemania!<\/p>\n\n\n\n<figure class=\"wp-block-image size-large\"><img loading=\"lazy\" decoding=\"async\" width=\"1024\" height=\"532\" src=\"https:\/\/www.24-7prayer.com\/wp-content\/uploads\/2025\/09\/website_hero_2560x1331_ES-1-1024x532.jpg\" alt=\"\" class=\"wp-image-153449\" srcset=\"https:\/\/www.24-7prayer.com\/wp-content\/uploads\/2025\/09\/website_hero_2560x1331_ES-1-1024x532.jpg 1024w, https:\/\/www.24-7prayer.com\/wp-content\/uploads\/2025\/09\/website_hero_2560x1331_ES-1-800x416.jpg 800w, https:\/\/www.24-7prayer.com\/wp-content\/uploads\/2025\/09\/website_hero_2560x1331_ES-1-768x399.jpg 768w, https:\/\/www.24-7prayer.com\/wp-content\/uploads\/2025\/09\/website_hero_2560x1331_ES-1-1536x799.jpg 1536w, https:\/\/www.24-7prayer.com\/wp-content\/uploads\/2025\/09\/website_hero_2560x1331_ES-1-2048x1065.jpg 2048w, https:\/\/www.24-7prayer.com\/wp-content\/uploads\/2025\/09\/website_hero_2560x1331_ES-1-600x312.jpg 600w\" sizes=\"auto, (max-width: 1024px) 100vw, 1024px\" \/><\/figure>\n\n\n\n<p><\/p>\n","protected":false},"excerpt":{"rendered":"<p>\u00a1Te invitamos a The Gathering 2025! Este a\u00f1o tenemos muchas ganas ir a Stuttgart, Alemania. El evento tendr\u00e1 lugar en la ciudad de Esslingen am Neckar, en la regi\u00f3n de Stuttgart. Nuestros Gatherings son una oportunidad para orar, alabar y aprender juntos. Estos momentos son una oportunidad para celebrar el a\u00f1o, renovarnos y recibir la [&hellip;]<\/p>\n","protected":false},"author":1,"featured_media":156156,"comment_status":"closed","ping_status":"closed","template":"","tags":[],"mec_category":[813,814],"class_list":["post-156141","mec-events","type-mec-events","status-publish","has-post-thumbnail","hentry","mec_category-encuentro-internacional","mec_category-destacado"],"acf":[],"yoast_head":"<!-- This site is optimized with the Yoast SEO plugin v27.4 - https:\/\/yoast.com\/product\/yoast-seo-wordpress\/ -->\n<title>The Gathering &#039;25 - 24-7 Prayer International<\/title>\n<meta name=\"robots\" content=\"index, follow, max-snippet:-1, max-image-preview:large, max-video-preview:-1\" \/>\n<link rel=\"canonical\" href=\"https:\/\/www.24-7prayer.com\/es\/event\/g25\/\" \/>\n<meta property=\"og:locale\" content=\"es_ES\" \/>\n<meta property=\"og:type\" content=\"article\" \/>\n<meta property=\"og:title\" content=\"The Gathering &#039;25 - 24-7 Prayer International\" \/>\n<meta property=\"og:description\" content=\"\u00a1Te invitamos a The Gathering 2025! Este a\u00f1o tenemos muchas ganas ir a Stuttgart, Alemania. El evento tendr\u00e1 lugar en la ciudad de Esslingen am Neckar, en la regi\u00f3n de Stuttgart. Nuestros Gatherings son una oportunidad para orar, alabar y aprender juntos. Estos momentos son una oportunidad para celebrar el a\u00f1o, renovarnos y recibir la [&hellip;]\" \/>\n<meta property=\"og:url\" content=\"https:\/\/www.24-7prayer.com\/es\/event\/g25\/\" \/>\n<meta property=\"og:site_name\" content=\"24-7 Prayer International\" \/>\n<meta property=\"article:modified_time\" content=\"2025-10-20T20:06:10+00:00\" \/>\n<meta property=\"og:image\" content=\"https:\/\/www.24-7prayer.com\/wp-content\/uploads\/2025\/10\/gathering25_social_square_transparent_1080x1080_ES.png\" \/>\n\t<meta property=\"og:image:width\" content=\"1080\" \/>\n\t<meta property=\"og:image:height\" content=\"1080\" \/>\n\t<meta property=\"og:image:type\" content=\"image\/png\" \/>\n<meta name=\"twitter:card\" content=\"summary_large_image\" \/>\n<script type=\"application\/ld+json\" class=\"yoast-schema-graph\">{\"@context\":\"https:\\\/\\\/schema.org\",\"@graph\":[{\"@type\":\"WebPage\",\"@id\":\"https:\\\/\\\/www.24-7prayer.com\\\/es\\\/event\\\/g25\\\/\",\"url\":\"https:\\\/\\\/www.24-7prayer.com\\\/es\\\/event\\\/g25\\\/\",\"name\":\"The Gathering '25 - 24-7 Prayer International\",\"isPartOf\":{\"@id\":\"https:\\\/\\\/www.24-7prayer.com\\\/es\\\/#website\"},\"primaryImageOfPage\":{\"@id\":\"https:\\\/\\\/www.24-7prayer.com\\\/es\\\/event\\\/g25\\\/#primaryimage\"},\"image\":{\"@id\":\"https:\\\/\\\/www.24-7prayer.com\\\/es\\\/event\\\/g25\\\/#primaryimage\"},\"thumbnailUrl\":\"https:\\\/\\\/www.24-7prayer.com\\\/wp-content\\\/uploads\\\/2025\\\/10\\\/gathering25_social_square_transparent_1080x1080_ES.png\",\"datePublished\":\"2025-10-08T12:17:49+00:00\",\"dateModified\":\"2025-10-20T20:06:10+00:00\",\"breadcrumb\":{\"@id\":\"https:\\\/\\\/www.24-7prayer.com\\\/es\\\/event\\\/g25\\\/#breadcrumb\"},\"inLanguage\":\"es\",\"potentialAction\":[{\"@type\":\"ReadAction\",\"target\":[\"https:\\\/\\\/www.24-7prayer.com\\\/es\\\/event\\\/g25\\\/\"]}]},{\"@type\":\"ImageObject\",\"inLanguage\":\"es\",\"@id\":\"https:\\\/\\\/www.24-7prayer.com\\\/es\\\/event\\\/g25\\\/#primaryimage\",\"url\":\"https:\\\/\\\/www.24-7prayer.com\\\/wp-content\\\/uploads\\\/2025\\\/10\\\/gathering25_social_square_transparent_1080x1080_ES.png\",\"contentUrl\":\"https:\\\/\\\/www.24-7prayer.com\\\/wp-content\\\/uploads\\\/2025\\\/10\\\/gathering25_social_square_transparent_1080x1080_ES.png\",\"width\":1080,\"height\":1080},{\"@type\":\"BreadcrumbList\",\"@id\":\"https:\\\/\\\/www.24-7prayer.com\\\/es\\\/event\\\/g25\\\/#breadcrumb\",\"itemListElement\":[{\"@type\":\"ListItem\",\"position\":1,\"name\":\"Home\",\"item\":\"https:\\\/\\\/www.24-7prayer.com\\\/es\\\/\"},{\"@type\":\"ListItem\",\"position\":2,\"name\":\"The Gathering &#8217;25\"}]},{\"@type\":\"WebSite\",\"@id\":\"https:\\\/\\\/www.24-7prayer.com\\\/es\\\/#website\",\"url\":\"https:\\\/\\\/www.24-7prayer.com\\\/es\\\/\",\"name\":\"24-7 Prayer International\",\"description\":\"Prayer Mission Justice\",\"publisher\":{\"@id\":\"https:\\\/\\\/www.24-7prayer.com\\\/es\\\/#organization\"},\"potentialAction\":[{\"@type\":\"SearchAction\",\"target\":{\"@type\":\"EntryPoint\",\"urlTemplate\":\"https:\\\/\\\/www.24-7prayer.com\\\/es\\\/?s={search_term_string}\"},\"query-input\":{\"@type\":\"PropertyValueSpecification\",\"valueRequired\":true,\"valueName\":\"search_term_string\"}}],\"inLanguage\":\"es\"},{\"@type\":\"Organization\",\"@id\":\"https:\\\/\\\/www.24-7prayer.com\\\/es\\\/#organization\",\"name\":\"24-7 Prayer\",\"url\":\"https:\\\/\\\/www.24-7prayer.com\\\/es\\\/\",\"logo\":{\"@type\":\"ImageObject\",\"inLanguage\":\"es\",\"@id\":\"https:\\\/\\\/www.24-7prayer.com\\\/es\\\/#\\\/schema\\\/logo\\\/image\\\/\",\"url\":\"https:\\\/\\\/www.24-7prayer.com\\\/wp-content\\\/uploads\\\/2022\\\/06\\\/logo.png\",\"contentUrl\":\"https:\\\/\\\/www.24-7prayer.com\\\/wp-content\\\/uploads\\\/2022\\\/06\\\/logo.png\",\"width\":302,\"height\":49,\"caption\":\"24-7 Prayer\"},\"image\":{\"@id\":\"https:\\\/\\\/www.24-7prayer.com\\\/es\\\/#\\\/schema\\\/logo\\\/image\\\/\"}}]}<\/script>\n<!-- \/ Yoast SEO plugin. -->","yoast_head_json":{"title":"The Gathering '25 - 24-7 Prayer International","robots":{"index":"index","follow":"follow","max-snippet":"max-snippet:-1","max-image-preview":"max-image-preview:large","max-video-preview":"max-video-preview:-1"},"canonical":"https:\/\/www.24-7prayer.com\/es\/event\/g25\/","og_locale":"es_ES","og_type":"article","og_title":"The Gathering '25 - 24-7 Prayer International","og_description":"\u00a1Te invitamos a The Gathering 2025! Este a\u00f1o tenemos muchas ganas ir a Stuttgart, Alemania. El evento tendr\u00e1 lugar en la ciudad de Esslingen am Neckar, en la regi\u00f3n de Stuttgart. Nuestros Gatherings son una oportunidad para orar, alabar y aprender juntos. Estos momentos son una oportunidad para celebrar el a\u00f1o, renovarnos y recibir la [&hellip;]","og_url":"https:\/\/www.24-7prayer.com\/es\/event\/g25\/","og_site_name":"24-7 Prayer International","article_modified_time":"2025-10-20T20:06:10+00:00","og_image":[{"width":1080,"height":1080,"url":"https:\/\/www.24-7prayer.com\/wp-content\/uploads\/2025\/10\/gathering25_social_square_transparent_1080x1080_ES.png","type":"image\/png"}],"twitter_card":"summary_large_image","schema":{"@context":"https:\/\/schema.org","@graph":[{"@type":"WebPage","@id":"https:\/\/www.24-7prayer.com\/es\/event\/g25\/","url":"https:\/\/www.24-7prayer.com\/es\/event\/g25\/","name":"The Gathering '25 - 24-7 Prayer International","isPartOf":{"@id":"https:\/\/www.24-7prayer.com\/es\/#website"},"primaryImageOfPage":{"@id":"https:\/\/www.24-7prayer.com\/es\/event\/g25\/#primaryimage"},"image":{"@id":"https:\/\/www.24-7prayer.com\/es\/event\/g25\/#primaryimage"},"thumbnailUrl":"https:\/\/www.24-7prayer.com\/wp-content\/uploads\/2025\/10\/gathering25_social_square_transparent_1080x1080_ES.png","datePublished":"2025-10-08T12:17:49+00:00","dateModified":"2025-10-20T20:06:10+00:00","breadcrumb":{"@id":"https:\/\/www.24-7prayer.com\/es\/event\/g25\/#breadcrumb"},"inLanguage":"es","potentialAction":[{"@type":"ReadAction","target":["https:\/\/www.24-7prayer.com\/es\/event\/g25\/"]}]},{"@type":"ImageObject","inLanguage":"es","@id":"https:\/\/www.24-7prayer.com\/es\/event\/g25\/#primaryimage","url":"https:\/\/www.24-7prayer.com\/wp-content\/uploads\/2025\/10\/gathering25_social_square_transparent_1080x1080_ES.png","contentUrl":"https:\/\/www.24-7prayer.com\/wp-content\/uploads\/2025\/10\/gathering25_social_square_transparent_1080x1080_ES.png","width":1080,"height":1080},{"@type":"BreadcrumbList","@id":"https:\/\/www.24-7prayer.com\/es\/event\/g25\/#breadcrumb","itemListElement":[{"@type":"ListItem","position":1,"name":"Home","item":"https:\/\/www.24-7prayer.com\/es\/"},{"@type":"ListItem","position":2,"name":"The Gathering &#8217;25"}]},{"@type":"WebSite","@id":"https:\/\/www.24-7prayer.com\/es\/#website","url":"https:\/\/www.24-7prayer.com\/es\/","name":"24-7 Prayer International","description":"Prayer Mission Justice","publisher":{"@id":"https:\/\/www.24-7prayer.com\/es\/#organization"},"potentialAction":[{"@type":"SearchAction","target":{"@type":"EntryPoint","urlTemplate":"https:\/\/www.24-7prayer.com\/es\/?s={search_term_string}"},"query-input":{"@type":"PropertyValueSpecification","valueRequired":true,"valueName":"search_term_string"}}],"inLanguage":"es"},{"@type":"Organization","@id":"https:\/\/www.24-7prayer.com\/es\/#organization","name":"24-7 Prayer","url":"https:\/\/www.24-7prayer.com\/es\/","logo":{"@type":"ImageObject","inLanguage":"es","@id":"https:\/\/www.24-7prayer.com\/es\/#\/schema\/logo\/image\/","url":"https:\/\/www.24-7prayer.com\/wp-content\/uploads\/2022\/06\/logo.png","contentUrl":"https:\/\/www.24-7prayer.com\/wp-content\/uploads\/2022\/06\/logo.png","width":302,"height":49,"caption":"24-7 Prayer"},"image":{"@id":"https:\/\/www.24-7prayer.com\/es\/#\/schema\/logo\/image\/"}}]}},"_links":{"self":[{"href":"https:\/\/www.24-7prayer.com\/es\/wp-json\/wp\/v2\/mec-events\/156141","targetHints":{"allow":["GET"]}}],"collection":[{"href":"https:\/\/www.24-7prayer.com\/es\/wp-json\/wp\/v2\/mec-events"}],"about":[{"href":"https:\/\/www.24-7prayer.com\/es\/wp-json\/wp\/v2\/types\/mec-events"}],"author":[{"embeddable":true,"href":"https:\/\/www.24-7prayer.com\/es\/wp-json\/wp\/v2\/users\/1"}],"replies":[{"embeddable":true,"href":"https:\/\/www.24-7prayer.com\/es\/wp-json\/wp\/v2\/comments?post=156141"}],"wp:featuredmedia":[{"embeddable":true,"href":"https:\/\/www.24-7prayer.com\/es\/wp-json\/wp\/v2\/media\/156156"}],"wp:attachment":[{"href":"https:\/\/www.24-7prayer.com\/es\/wp-json\/wp\/v2\/media?parent=156141"}],"wp:term":[{"taxonomy":"post_tag","embeddable":true,"href":"https:\/\/www.24-7prayer.com\/es\/wp-json\/wp\/v2\/tags?post=156141"},{"taxonomy":"mec_category","embeddable":true,"href":"https:\/\/www.24-7prayer.com\/es\/wp-json\/wp\/v2\/mec_category?post=156141"}],"curies":[{"name":"wp","href":"https:\/\/api.w.org\/{rel}","templated":true}]}}