{"id":105364,"date":"2024-07-16T17:55:29","date_gmt":"2024-07-16T16:55:29","guid":{"rendered":"https:\/\/www.24-7prayer.com\/event\/the-gathering-24\/"},"modified":"2024-10-28T10:55:47","modified_gmt":"2024-10-28T10:55:47","slug":"the-gathering-24","status":"publish","type":"mec-events","link":"https:\/\/www.24-7prayer.com\/es\/event\/the-gathering-24\/","title":{"rendered":"The Gathering &#8217;24"},"content":{"rendered":"\n<figure class=\"wp-block-embed is-type-video is-provider-youtube wp-block-embed-youtube wp-embed-aspect-16-9 wp-has-aspect-ratio\"><div class=\"wp-block-embed__wrapper\">\n<iframe loading=\"lazy\" title=\"An invite from Rotterdam \u2013 The Gathering &#039;24: Rotterdam\" width=\"500\" height=\"281\" src=\"https:\/\/www.youtube.com\/embed\/rQvEWv6IxV0?feature=oembed\" frameborder=\"0\" allow=\"accelerometer; autoplay; clipboard-write; encrypted-media; gyroscope; picture-in-picture; web-share\" referrerpolicy=\"strict-origin-when-cross-origin\" allowfullscreen><\/iframe>\n<\/div><\/figure>\n\n<h3 class=\"wp-block-heading\">Celebrando 25 a\u00f1os de oraci\u00f3n ininterrumpida<\/h3>\n\n<p>Te invitamos a una fiesta de cumplea\u00f1os sin igual. En el Gathering de este a\u00f1o estaremos <strong>celebrando 25 a\u00f1os<\/strong>desde el lanzamiento de la primera sala de oraci\u00f3n 24-7, y un cuarto de siglo de <strong>oraci\u00f3n ininterrumpida a lo largo del mundo <\/strong>. <\/p>\n\n<p>Nuestros encuentros son siempre una oportunidad para orar, alabar y aprender juntos, pero este a\u00f1o es especial. Este a\u00f1o celebraremos el <strong>viaje significativo <\/strong> que nos ha tra\u00eddo hasta aqu\u00ed, y estaremos <strong>mirando hacia el futuro<\/strong> para ver c\u00f3mo Dios nos invita a asociarnos con \u00e9l, para construir su reino en nuestras naciones y en nuestro mundo. <\/p>\n\n<p><em>Y a aquel que es capaz de hacer much\u00edsimo m\u00e1s de lo que pedimos o imaginamos, seg\u00fan el poder que act\u00faa en nosotros, a \u00c9l sea la gloria en la Iglesia y en Cristo Jes\u00fas por todas las generaciones, por los siglos de los siglos.<\/em><\/p>\n\n<p>Efesios 3:20-21 <\/p>\n\n<p>Ven y celebra al Dios de lo inconmensurablemente m\u00e1s. Ven, tanto si llevas 25 a\u00f1os formando parte de este movimiento mundial, como si est\u00e1s explorando la idea de la Oraci\u00f3n 24-7 por primera vez. Ven y busquemos juntos el poder de Jes\u00fas mientras damos gracias y miramos al futuro. <\/p>\n\n<div style=\"height:10px\" aria-hidden=\"true\" class=\"wp-block-spacer\"><\/div>\n\n<h3 class=\"wp-block-heading\">\u00bfPor qu\u00e9 Roterdam?<\/h3>\n\n<p>El equipo de Oraci\u00f3n 24-7 Holanda nos da la bienvenida a Roterdam para el Gathering &#8217;24, \u00a1y estamos entusiasmados! Hay una Casa de Oraci\u00f3n 24-7 en Roterdam, y si estuviste en el Gathering del a\u00f1o pasado, recordar\u00e1s que la subasta de generosidad recaud\u00f3 dinero para ayudar al equipo a poner en marcha un caf\u00e9 comunitario. Estamos deseando ver la cafeter\u00eda, visitar la casa de oraci\u00f3n y experimentar la hospitalidad holandesa.<\/p>\n\n<p>Roterdam es una hermosa ciudad con abundante oferta de alojamiento y excelentes conexiones de transporte con el resto de Europa.<\/p>\n","protected":false},"excerpt":{"rendered":"<p>Celebrando 25 a\u00f1os de oraci\u00f3n ininterrumpida Te invitamos a una fiesta de cumplea\u00f1os sin igual. En el Gathering de este a\u00f1o estaremos celebrando 25 a\u00f1osdesde el lanzamiento de la primera sala de oraci\u00f3n 24-7, y un cuarto de siglo de oraci\u00f3n ininterrumpida a lo largo del mundo . Nuestros encuentros son siempre una oportunidad para [&hellip;]<\/p>\n","protected":false},"author":607,"featured_media":119269,"comment_status":"closed","ping_status":"closed","template":"","tags":[],"mec_category":[],"class_list":["post-105364","mec-events","type-mec-events","status-publish","has-post-thumbnail","hentry"],"acf":[],"yoast_head":"<!-- This site is optimized with the Yoast SEO plugin v27.4 - https:\/\/yoast.com\/product\/yoast-seo-wordpress\/ -->\n<title>The Gathering &#039;24 - 24-7 Prayer International<\/title>\n<meta name=\"description\" content=\"En este encuentro de Oraci\u00f3n 24-7 celebraremos los 25 a\u00f1os transcurridos desde el lanzamiento de la primera sala de Oraci\u00f3n 24-7 con alabanza, oraci\u00f3n, ense\u00f1anza y tiempo juntos en la presencia de Dios.\" \/>\n<meta name=\"robots\" content=\"index, follow, max-snippet:-1, max-image-preview:large, max-video-preview:-1\" \/>\n<link rel=\"canonical\" href=\"https:\/\/www.24-7prayer.com\/es\/event\/the-gathering-24\/\" \/>\n<meta property=\"og:locale\" content=\"es_ES\" \/>\n<meta property=\"og:type\" content=\"article\" \/>\n<meta property=\"og:title\" content=\"The Gathering &#039;24 - 24-7 Prayer International\" \/>\n<meta property=\"og:description\" content=\"En este encuentro de Oraci\u00f3n 24-7 celebraremos los 25 a\u00f1os transcurridos desde el lanzamiento de la primera sala de Oraci\u00f3n 24-7 con alabanza, oraci\u00f3n, ense\u00f1anza y tiempo juntos en la presencia de Dios.\" \/>\n<meta property=\"og:url\" content=\"https:\/\/www.24-7prayer.com\/es\/event\/the-gathering-24\/\" \/>\n<meta property=\"og:site_name\" content=\"24-7 Prayer International\" \/>\n<meta property=\"article:modified_time\" content=\"2024-10-28T10:55:47+00:00\" \/>\n<meta property=\"og:image\" content=\"https:\/\/www.24-7prayer.com\/wp-content\/uploads\/2024\/07\/social_square_1080x1080_ES.jpg\" \/>\n\t<meta property=\"og:image:width\" content=\"1080\" \/>\n\t<meta property=\"og:image:height\" content=\"1080\" \/>\n\t<meta property=\"og:image:type\" content=\"image\/jpeg\" \/>\n<meta name=\"twitter:card\" content=\"summary_large_image\" \/>\n<script type=\"application\/ld+json\" class=\"yoast-schema-graph\">{\"@context\":\"https:\\\/\\\/schema.org\",\"@graph\":[{\"@type\":\"WebPage\",\"@id\":\"https:\\\/\\\/www.24-7prayer.com\\\/es\\\/event\\\/the-gathering-24\\\/\",\"url\":\"https:\\\/\\\/www.24-7prayer.com\\\/es\\\/event\\\/the-gathering-24\\\/\",\"name\":\"The Gathering '24 - 24-7 Prayer International\",\"isPartOf\":{\"@id\":\"https:\\\/\\\/www.24-7prayer.com\\\/es\\\/#website\"},\"primaryImageOfPage\":{\"@id\":\"https:\\\/\\\/www.24-7prayer.com\\\/es\\\/event\\\/the-gathering-24\\\/#primaryimage\"},\"image\":{\"@id\":\"https:\\\/\\\/www.24-7prayer.com\\\/es\\\/event\\\/the-gathering-24\\\/#primaryimage\"},\"thumbnailUrl\":\"https:\\\/\\\/www.24-7prayer.com\\\/wp-content\\\/uploads\\\/2024\\\/07\\\/social_square_1080x1080_ES.jpg\",\"datePublished\":\"2024-07-16T16:55:29+00:00\",\"dateModified\":\"2024-10-28T10:55:47+00:00\",\"description\":\"En este encuentro de Oraci\u00f3n 24-7 celebraremos los 25 a\u00f1os transcurridos desde el lanzamiento de la primera sala de Oraci\u00f3n 24-7 con alabanza, oraci\u00f3n, ense\u00f1anza y tiempo juntos en la presencia de Dios.\",\"breadcrumb\":{\"@id\":\"https:\\\/\\\/www.24-7prayer.com\\\/es\\\/event\\\/the-gathering-24\\\/#breadcrumb\"},\"inLanguage\":\"es\",\"potentialAction\":[{\"@type\":\"ReadAction\",\"target\":[\"https:\\\/\\\/www.24-7prayer.com\\\/es\\\/event\\\/the-gathering-24\\\/\"]}]},{\"@type\":\"ImageObject\",\"inLanguage\":\"es\",\"@id\":\"https:\\\/\\\/www.24-7prayer.com\\\/es\\\/event\\\/the-gathering-24\\\/#primaryimage\",\"url\":\"https:\\\/\\\/www.24-7prayer.com\\\/wp-content\\\/uploads\\\/2024\\\/07\\\/social_square_1080x1080_ES.jpg\",\"contentUrl\":\"https:\\\/\\\/www.24-7prayer.com\\\/wp-content\\\/uploads\\\/2024\\\/07\\\/social_square_1080x1080_ES.jpg\",\"width\":1080,\"height\":1080},{\"@type\":\"BreadcrumbList\",\"@id\":\"https:\\\/\\\/www.24-7prayer.com\\\/es\\\/event\\\/the-gathering-24\\\/#breadcrumb\",\"itemListElement\":[{\"@type\":\"ListItem\",\"position\":1,\"name\":\"Home\",\"item\":\"https:\\\/\\\/www.24-7prayer.com\\\/es\\\/\"},{\"@type\":\"ListItem\",\"position\":2,\"name\":\"The Gathering &#8217;24\"}]},{\"@type\":\"WebSite\",\"@id\":\"https:\\\/\\\/www.24-7prayer.com\\\/es\\\/#website\",\"url\":\"https:\\\/\\\/www.24-7prayer.com\\\/es\\\/\",\"name\":\"24-7 Prayer International\",\"description\":\"Prayer Mission Justice\",\"publisher\":{\"@id\":\"https:\\\/\\\/www.24-7prayer.com\\\/es\\\/#organization\"},\"potentialAction\":[{\"@type\":\"SearchAction\",\"target\":{\"@type\":\"EntryPoint\",\"urlTemplate\":\"https:\\\/\\\/www.24-7prayer.com\\\/es\\\/?s={search_term_string}\"},\"query-input\":{\"@type\":\"PropertyValueSpecification\",\"valueRequired\":true,\"valueName\":\"search_term_string\"}}],\"inLanguage\":\"es\"},{\"@type\":\"Organization\",\"@id\":\"https:\\\/\\\/www.24-7prayer.com\\\/es\\\/#organization\",\"name\":\"24-7 Prayer\",\"url\":\"https:\\\/\\\/www.24-7prayer.com\\\/es\\\/\",\"logo\":{\"@type\":\"ImageObject\",\"inLanguage\":\"es\",\"@id\":\"https:\\\/\\\/www.24-7prayer.com\\\/es\\\/#\\\/schema\\\/logo\\\/image\\\/\",\"url\":\"https:\\\/\\\/www.24-7prayer.com\\\/wp-content\\\/uploads\\\/2022\\\/06\\\/logo.png\",\"contentUrl\":\"https:\\\/\\\/www.24-7prayer.com\\\/wp-content\\\/uploads\\\/2022\\\/06\\\/logo.png\",\"width\":302,\"height\":49,\"caption\":\"24-7 Prayer\"},\"image\":{\"@id\":\"https:\\\/\\\/www.24-7prayer.com\\\/es\\\/#\\\/schema\\\/logo\\\/image\\\/\"}}]}<\/script>\n<!-- \/ Yoast SEO plugin. -->","yoast_head_json":{"title":"The Gathering '24 - 24-7 Prayer International","description":"En este encuentro de Oraci\u00f3n 24-7 celebraremos los 25 a\u00f1os transcurridos desde el lanzamiento de la primera sala de Oraci\u00f3n 24-7 con alabanza, oraci\u00f3n, ense\u00f1anza y tiempo juntos en la presencia de Dios.","robots":{"index":"index","follow":"follow","max-snippet":"max-snippet:-1","max-image-preview":"max-image-preview:large","max-video-preview":"max-video-preview:-1"},"canonical":"https:\/\/www.24-7prayer.com\/es\/event\/the-gathering-24\/","og_locale":"es_ES","og_type":"article","og_title":"The Gathering '24 - 24-7 Prayer International","og_description":"En este encuentro de Oraci\u00f3n 24-7 celebraremos los 25 a\u00f1os transcurridos desde el lanzamiento de la primera sala de Oraci\u00f3n 24-7 con alabanza, oraci\u00f3n, ense\u00f1anza y tiempo juntos en la presencia de Dios.","og_url":"https:\/\/www.24-7prayer.com\/es\/event\/the-gathering-24\/","og_site_name":"24-7 Prayer International","article_modified_time":"2024-10-28T10:55:47+00:00","og_image":[{"width":1080,"height":1080,"url":"https:\/\/www.24-7prayer.com\/wp-content\/uploads\/2024\/07\/social_square_1080x1080_ES.jpg","type":"image\/jpeg"}],"twitter_card":"summary_large_image","schema":{"@context":"https:\/\/schema.org","@graph":[{"@type":"WebPage","@id":"https:\/\/www.24-7prayer.com\/es\/event\/the-gathering-24\/","url":"https:\/\/www.24-7prayer.com\/es\/event\/the-gathering-24\/","name":"The Gathering '24 - 24-7 Prayer International","isPartOf":{"@id":"https:\/\/www.24-7prayer.com\/es\/#website"},"primaryImageOfPage":{"@id":"https:\/\/www.24-7prayer.com\/es\/event\/the-gathering-24\/#primaryimage"},"image":{"@id":"https:\/\/www.24-7prayer.com\/es\/event\/the-gathering-24\/#primaryimage"},"thumbnailUrl":"https:\/\/www.24-7prayer.com\/wp-content\/uploads\/2024\/07\/social_square_1080x1080_ES.jpg","datePublished":"2024-07-16T16:55:29+00:00","dateModified":"2024-10-28T10:55:47+00:00","description":"En este encuentro de Oraci\u00f3n 24-7 celebraremos los 25 a\u00f1os transcurridos desde el lanzamiento de la primera sala de Oraci\u00f3n 24-7 con alabanza, oraci\u00f3n, ense\u00f1anza y tiempo juntos en la presencia de Dios.","breadcrumb":{"@id":"https:\/\/www.24-7prayer.com\/es\/event\/the-gathering-24\/#breadcrumb"},"inLanguage":"es","potentialAction":[{"@type":"ReadAction","target":["https:\/\/www.24-7prayer.com\/es\/event\/the-gathering-24\/"]}]},{"@type":"ImageObject","inLanguage":"es","@id":"https:\/\/www.24-7prayer.com\/es\/event\/the-gathering-24\/#primaryimage","url":"https:\/\/www.24-7prayer.com\/wp-content\/uploads\/2024\/07\/social_square_1080x1080_ES.jpg","contentUrl":"https:\/\/www.24-7prayer.com\/wp-content\/uploads\/2024\/07\/social_square_1080x1080_ES.jpg","width":1080,"height":1080},{"@type":"BreadcrumbList","@id":"https:\/\/www.24-7prayer.com\/es\/event\/the-gathering-24\/#breadcrumb","itemListElement":[{"@type":"ListItem","position":1,"name":"Home","item":"https:\/\/www.24-7prayer.com\/es\/"},{"@type":"ListItem","position":2,"name":"The Gathering &#8217;24"}]},{"@type":"WebSite","@id":"https:\/\/www.24-7prayer.com\/es\/#website","url":"https:\/\/www.24-7prayer.com\/es\/","name":"24-7 Prayer International","description":"Prayer Mission Justice","publisher":{"@id":"https:\/\/www.24-7prayer.com\/es\/#organization"},"potentialAction":[{"@type":"SearchAction","target":{"@type":"EntryPoint","urlTemplate":"https:\/\/www.24-7prayer.com\/es\/?s={search_term_string}"},"query-input":{"@type":"PropertyValueSpecification","valueRequired":true,"valueName":"search_term_string"}}],"inLanguage":"es"},{"@type":"Organization","@id":"https:\/\/www.24-7prayer.com\/es\/#organization","name":"24-7 Prayer","url":"https:\/\/www.24-7prayer.com\/es\/","logo":{"@type":"ImageObject","inLanguage":"es","@id":"https:\/\/www.24-7prayer.com\/es\/#\/schema\/logo\/image\/","url":"https:\/\/www.24-7prayer.com\/wp-content\/uploads\/2022\/06\/logo.png","contentUrl":"https:\/\/www.24-7prayer.com\/wp-content\/uploads\/2022\/06\/logo.png","width":302,"height":49,"caption":"24-7 Prayer"},"image":{"@id":"https:\/\/www.24-7prayer.com\/es\/#\/schema\/logo\/image\/"}}]}},"_links":{"self":[{"href":"https:\/\/www.24-7prayer.com\/es\/wp-json\/wp\/v2\/mec-events\/105364","targetHints":{"allow":["GET"]}}],"collection":[{"href":"https:\/\/www.24-7prayer.com\/es\/wp-json\/wp\/v2\/mec-events"}],"about":[{"href":"https:\/\/www.24-7prayer.com\/es\/wp-json\/wp\/v2\/types\/mec-events"}],"author":[{"embeddable":true,"href":"https:\/\/www.24-7prayer.com\/es\/wp-json\/wp\/v2\/users\/607"}],"replies":[{"embeddable":true,"href":"https:\/\/www.24-7prayer.com\/es\/wp-json\/wp\/v2\/comments?post=105364"}],"wp:featuredmedia":[{"embeddable":true,"href":"https:\/\/www.24-7prayer.com\/es\/wp-json\/wp\/v2\/media\/119269"}],"wp:attachment":[{"href":"https:\/\/www.24-7prayer.com\/es\/wp-json\/wp\/v2\/media?parent=105364"}],"wp:term":[{"taxonomy":"post_tag","embeddable":true,"href":"https:\/\/www.24-7prayer.com\/es\/wp-json\/wp\/v2\/tags?post=105364"},{"taxonomy":"mec_category","embeddable":true,"href":"https:\/\/www.24-7prayer.com\/es\/wp-json\/wp\/v2\/mec_category?post=105364"}],"curies":[{"name":"wp","href":"https:\/\/api.w.org\/{rel}","templated":true}]}}